{"id":648,"date":"2025-04-10T13:13:12","date_gmt":"2025-04-10T11:13:12","guid":{"rendered":"https:\/\/hjerteforeningen.dk\/hjertegalla\/?page_id=648"},"modified":"2025-09-04T15:06:53","modified_gmt":"2025-09-04T13:06:53","slug":"hjerteredderhistorie1","status":"publish","type":"page","link":"https:\/\/hjerteforeningen.dk\/hjertegalla\/aarets-hjerteredder\/hjerteredderhistorie1\/","title":{"rendered":"Hjerteredderhistorie1"},"content":{"rendered":"\t\t<div data-elementor-type=\"wp-page\" data-elementor-id=\"648\" class=\"elementor elementor-648\" data-elementor-post-type=\"page\">\n\t\t\t\t<div class=\"elementor-element elementor-element-139e1b8 e-flex e-con-boxed e-con e-parent\" data-id=\"139e1b8\" data-element_type=\"container\">\n\t\t\t\t\t<div class=\"e-con-inner\">\n\t\t\t\t<div class=\"elementor-element elementor-element-5ad69a0 elementor-widget elementor-widget-campaign-hero\" data-id=\"5ad69a0\" data-element_type=\"widget\" data-widget_type=\"campaign-hero.default\">\n\t\t\t\t<div class=\"elementor-widget-container\">\n\t\t\t\t\t        <div class=\"hf-campaign-hero hf-large-width-wrapper\">\n            <div class=\"hf-hero\">\n                                    <div class=\"background-image-container\">\n                        <img decoding=\"async\" class=\"featured-image\" src=\"\" alt=\"\">\n                        <div class=\"overlay\"><\/div>\n                    <\/div>\n                                <div class=\"hero-content-wrapper hf-standard-width-container\">\n                    <div class=\"text-container\">\n                        <h1 class=\"heading hf-header-xxxl\">Kristian holdt Carinas hjerte i gang i 22 minutter, inden hj\u00e6lpen kom<\/h1>\n                                                    <div class=\"hf-divider\"><\/div>\n                                                <p class=\"sub-heading sub-heading-text\">Det var f\u00f8rst, da han s\u00e5 sin hustru flyve v\u00e6k i en redningshelikopter, at Kristian for alvor forstod, hvad der lige var sket \u2013 og at hun m\u00e5ske ikke ville blive sig selv igen.<\/p>\n                                            <\/div>\n                                    <\/div>\n            <\/div>\n                    <\/div>\n    \t\t\t\t<\/div>\n\t\t\t\t<\/div>\n\t\t\t\t\t<\/div>\n\t\t\t\t<\/div>\n\t\t<div class=\"elementor-element elementor-element-b994657 e-flex e-con-boxed e-con e-parent\" data-id=\"b994657\" data-element_type=\"container\">\n\t\t\t\t\t<div class=\"e-con-inner\">\n\t\t\t\t<div class=\"elementor-element elementor-element-bb6abfe elementor-widget elementor-widget-teaser-xlarge\" data-id=\"bb6abfe\" data-element_type=\"widget\" data-widget_type=\"teaser-xlarge.default\">\n\t\t\t\t<div class=\"elementor-widget-container\">\n\t\t\t\t\t        <div class=\"hf-full-width-wrapper teaser-xl-wrapper\">\n            <div class=\"teaser-xl-base hf-small-width-container  row-reversed\">\n                <div class=\"hf-image-container\">\n                     \n                                    <img decoding=\"async\" src=\"https:\/\/hjerteforeningen.dk\/hjertegalla\/wp-content\/uploads\/sites\/3\/2025\/04\/Kristian-og-Carina_ny-1.jpg\" class=\"hf-image \" alt=\"Kristian og Carina_ny\" \/>\n                                        <\/div>\n                <div class=\"text-container\">\n                                        <div class=\"hf-header-xl\">\"Kristian er min helt, og jeg f\u00f8ler ikke, jeg kan takke ham nok. Jeg t\u00f8r slet ikke t\u00e6nke p\u00e5, hvordan det har v\u00e6ret at st\u00e5 i hans situation i 22 min., og derfor synes jeg ogs\u00e5, han skal hyldes for at have reddet mit liv.\"<\/div>\n                                            <div class=\"hf-divider\"><\/div>\n                                                                            <\/div>\n            <\/div>\n        <\/div>\n    \t\t\t\t<\/div>\n\t\t\t\t<\/div>\n\t\t\t\t\t<\/div>\n\t\t\t\t<\/div>\n\t\t<div class=\"elementor-element elementor-element-7610080 e-con-full e-flex e-con e-parent\" data-id=\"7610080\" data-element_type=\"container\">\n\t\t\t\t<div class=\"hf-narrow-center-div elementor-element elementor-element-e42a70b elementor-widget elementor-widget-text-editor\" data-id=\"e42a70b\" data-element_type=\"widget\" data-widget_type=\"text-editor.default\">\n\t\t\t\t<div class=\"elementor-widget-container\">\n\t\t\t\t\t\t\t\t\t<p>39-\u00e5rige Kristian Arqalo Mathisen vidste med det samme, at det var alvorligt. P\u00e5 sofaen i deres hjem i Vorup\u00f8r sad han kun halvanden meter fra sin hustru gennem 16 \u00e5r, da hun pludselig faldt om p\u00e5 k\u00f8kkengulvet.<\/p><p>&#8220;Jeg kunne bare se, at det ikke var normalt. Man ville ikke falde s\u00e5dan sammen, hvis man var i live. Det var hele kroppen, der gav slip p\u00e5 \u00e9n gang \u2013 det var godt nok skr\u00e6mmende,&#8221; siger han.<\/p><p>Han l\u00f8b derhen og ruskede i hende, men der var ingen livstegn, og s\u00e5 ringede han 1-1-2. Mens han blev guidet over telefonen, p\u00e5begyndte han hjertemassage.<\/p><p>De n\u00e6ste 22 minutter holdt han hendes hjerte i gang, indtil ambulance og redningshelikopter ankom.<\/p><p>&#8220;Det var de l\u00e6ngste 22 minutter i mit liv,&#8221; fort\u00e6ller han.<\/p><p><strong>En knytn\u00e6ve i nakken<\/strong><\/p><p>Op til den aften havde 35-\u00e5rige Carina Sophie Ausland Mathisen l\u00e6nge v\u00e6ret udmattet. Hun d\u00f8jede med v\u00e6ske i kroppen, h\u00e6vede ben og udspilet mave, men b\u00e5de hun og hendes l\u00e6ge tilskrev symptomerne stress. Hun var jo kun 35 \u00e5r, hun fejlede vel ikke noget? Men den 7. december sidste \u00e5r m\u00e6rkede Carina en smerte, hun aldrig havde oplevet f\u00f8r.<\/p><p>&#8220;Min venstre arm blev helt sp\u00e6ndt, som om der var krampe i armen. Det f\u00f8rte over i h\u00f8jre arm og ned i fingerspidserne, og s\u00e5 f\u00f8ltes det, som om nogen holdt en knytn\u00e6ve i nakken. Det var uudholdeligt,&#8221; fort\u00e6ller hun.<\/p><p>Carina ringede selv 112 og fik fat i en l\u00e6gevagt. Som hun husker det, mente l\u00e6gen, at det m\u00e5tte skyldes, at hun var ved at trappe ud af antidepressiv medicin, og han r\u00e5dede hende til at tage to panodiler og g\u00e5 i seng.<\/p><p>Efter noget tid dukkede en ambulance alligevel op i indk\u00f8rslen. Carina fik taget et hjertekardiogram, men da hun lider af galopperende klaustrofobi, ville hun ikke ind i ambulancen, som k\u00f8rte igen.<\/p><p>Halvanden time senere havde Carina netop lagt et kl\u00e6de over deres undulats bur, da hun faldt om.<\/p>\t\t\t\t\t\t\t\t<\/div>\n\t\t\t\t<\/div>\n\t\t\t\t<div class=\"hf-narrow-center-div elementor-element elementor-element-5c0c514 elementor-widget elementor-widget-quote\" data-id=\"5c0c514\" data-element_type=\"widget\" data-widget_type=\"quote.default\">\n\t\t\t\t<div class=\"elementor-widget-container\">\n\t\t\t\t\t        <div class=\"quote-container no-print\">\n            <div class=\"hf-divider\"><\/div>\n            <div class=\"hf-quote-text\">\n                <p>Det var det h\u00e5rdeste, jeg nogensinde har pr\u00f8vet. Ogs\u00e5 fordi man samtidig er s\u00e5 hektisk oveni hovedet. Man ved, at det kun er dig, der kan give hende ilt, kun dig, der kan holde hjertet i gang. \"\u00a0<\/p>            <\/div>\n            <div class=\"hf-divider\"><\/div>\n            <div class=\"hf-divider\"><\/div>\n            <div class=\"hf-divider\"><\/div>\n        <\/div>\n    \t\t\t\t<\/div>\n\t\t\t\t<\/div>\n\t\t\t\t<div class=\"hf-narrow-center-div elementor-element elementor-element-cc41fd2 elementor-widget elementor-widget-text-editor\" data-id=\"cc41fd2\" data-element_type=\"widget\" data-widget_type=\"text-editor.default\">\n\t\t\t\t<div class=\"elementor-widget-container\">\n\t\t\t\t\t\t\t\t\t<p><strong>Gennembl\u00f8dt af sved<\/strong><\/p><p>Vorup\u00f8r er en lille fisker- og turistby, der kan v\u00e6re \u00f8de udenfor h\u00f8js\u00e6sonen, s\u00e5 der gik hele 22 minutter, f\u00f8r hj\u00e6lpen endelig dukkede op \u2013 to ambulancer og en helikopter, som fl\u00f8j Carina til Skejby Sygehus i Aarhus. Kristian stod tilbage gennembl\u00f8dt af sved.<\/p><p>&#8220;Det var det h\u00e5rdeste, jeg nogensinde har pr\u00f8vet. Ogs\u00e5 fordi man samtidig er s\u00e5 hektisk oveni hovedet. Man ved, det er kun dig, der kan give hende ilt, kun dig, der kan holde hjertet i gang,&#8221; siger han.<\/p><p>&#8220;Men n\u00e5r den, man elsker, ligger p\u00e5 jorden og har brug for hj\u00e6lp, s\u00e5 er der ikke tid til at g\u00e5 i panik. Hvis jeg var g\u00e5et i panik, var hun jo d\u00f8d. Der skulle bare handles. Det var f\u00f8rst, efter hun blev fl\u00f8jet af sted, at det gik op for mig, hvad der var sket.&#8221;<\/p><p><strong>En n\u00e6rd\u00f8dsoplevelse<\/strong><\/p><p>P\u00e5 Skejby var Kristian nerv\u00f8s. Han havde f\u00e5et at vide, at efter 22 minutters hjertemassage var det meget usandsynligt, at Carina ville v\u00e5gne og v\u00e6re sig selv.<\/p><p>Da hun endelig \u00e5bnede \u00f8jnene efter et d\u00f8gn i respirator, var han heldigvis ikke i tvivl:<\/p><p>&#8220;Jeg kunne med det samme se og h\u00f8re, at hun var sig selv.&#8221;<\/p><p>Carina husker n\u00e6rmest ingenting fra de dage. Det sidste, hun erindrer, er, at hun l\u00e6gger kl\u00e6det henover undulaten, og s\u00e5 havde hun det, hun beskriver som en &#8220;surrealistisk&#8221; oplevelse:<\/p><p>&#8220;Det lyder m\u00e6rkeligt, men jeg blev suget op i et k\u00e6mpestort hvidt lokale med alle dem, jeg har k\u00e6r. Min mormor, min morfar, min farmor. Jeg kan ikke huske samtaler, men jeg husker deres ansigter. Og s\u00e5 husker jeg, at jeg g\u00e5r ud af en k\u00e6mpe port, som lukker bag mig \u2013 og idet, den bliver lukket, ser jeg Kristians ansigt, der siger hej.&#8221;<\/p><p>&#8220;Og det er s\u00e5 der, du v\u00e5gner p\u00e5 Skejby,&#8221; tilf\u00f8jer Kristian.<\/p>\t\t\t\t\t\t\t\t<\/div>\n\t\t\t\t<\/div>\n\t\t\t\t<div class=\"elementor-element elementor-element-e660f0e elementor-widget elementor-widget-teaser-small\" data-id=\"e660f0e\" data-element_type=\"widget\" data-widget_type=\"teaser-small.default\">\n\t\t\t\t<div class=\"elementor-widget-container\">\n\t\t\t\t\t    <div class=\"hf-narrow-center-div no-print\">\n         <a id=\"\" \n         \n            href=\"https:\/\/www.oestifterne.dk\/\"\n                target=\"\"\n        class=\"teaser-s-base hover bg-primary-light\">\n                            <div class=\"hf-image-container \">\n                    <img decoding=\"async\" class=\"hf-image \" src=\"https:\/\/hjerteforeningen.dk\/hjertegalla\/wp-content\/uploads\/sites\/3\/2025\/03\/Oestifterne-457X457-1-150x150.png\" alt=\"\u00d8stifterne 457X457\" \/>\n                <\/div>\n                        <div class=\"hf-text-container\">\n                                    <span class=\"hf-teaser-posttype hf-text-s\">L\u00e6s mere<\/span>\n                                <span class=\"hf-teaser-title hf-header-m\">\u00c5rets Hjerteredder er st\u00f8ttet af \u00d8stifterne<\/span>\n            <\/div>\n            <div class=\"hf-teaser-arrow-container\">\n                <img decoding=\"async\" target=\"\" src=\"https:\/\/hjerteforeningen.dk\/hjertegalla\/wp-content\/themes\/hjerteforeningen-child-theme\/assets\/icons\/arrow-right.svg\" class=\"hf-teaser-arrow\" alt=\"\" \/>\n            <\/div>\n        <\/a>\n    <\/div>\n    \t\t\t\t<\/div>\n\t\t\t\t<\/div>\n\t\t\t\t<div class=\"hf-narrow-center-div elementor-element elementor-element-099d881 elementor-widget elementor-widget-text-editor\" data-id=\"099d881\" data-element_type=\"widget\" data-widget_type=\"text-editor.default\">\n\t\t\t\t<div class=\"elementor-widget-container\">\n\t\t\t\t\t\t\t\t\t<p><strong>Fra frygt til forandring<\/strong><\/p><p>P\u00e5 sygehuset viste unders\u00f8gelser, at Carinas hjertes tilbagepumpningseffekt, som normalt skal ligge omkring 60 procent, var faldet til 10 procent.<\/p><p>&#8220;De havde aldrig set s\u00e5 \u00e5reforkalket et hjerte i en alder af 35 \u00e5r,&#8221; fort\u00e6ller hun.<\/p><p>Hun fik en stent indopereret og med hj\u00e6lp fra medicin og genoptr\u00e6ning er hendes tilbagepumpningseffekt i dag, fire m\u00e5neder senere, steget til 51 procent.<\/p><p>Der er dog ingen tvivl om, at parret har gennemlevet en voldsom oplevelse. Den f\u00f8rste uge gr\u00e6d Kristian, hver gang han gik udenfor d\u00f8ren.<\/p><p>&#8220;S\u00e5 ramte den her chokf\u00f8lelse. Det var m\u00e6rkeligt, men det var selvf\u00f8lgelig en efterreaktion, for der var ikke tid til at bearbejde det i selve situationen. Der har det v\u00e6ret godt at snakke med kammerater om det,&#8221; siger han.<\/p><p>I begyndelsen sprintede han op for at handle i Meny, der ligger 300 meter v\u00e6k.<\/p><p>&#8220;Jeg har aldrig i mit liv l\u00f8bet s\u00e5 hurtigt frem og tilbage. Bare i ren frygt for, om hun nu var i live, n\u00e5r jeg kom hjem.&#8221;<\/p><p>I dag har Carina givet slip p\u00e5 frygten for at falde om igen. Hun er blevet mere aktiv, g\u00e5r lange ture, cykler og har det faktisk &#8220;nogenlunde normalt&#8221;, som hun siger. Men hun kan ikke l\u00e6ngere t\u00e5le at blive rasende:<\/p><p>&#8220;F\u00f8rhen havde jeg kr\u00e6fter til at r\u00e5be og skrige, men hver gang jeg bare h\u00e6ver stemmen nu, f\u00e5r jeg hjertebanken.&#8221;<\/p><p>Skulle det alligevel ske, at hun bliver vred, driller Kristian hende: &#8220;Pas nu p\u00e5 dit hjerte,&#8221; siger han.<\/p><p>Parret er enige om, at Carinas hjertestop har \u00e6ndret deres syn p\u00e5 livet.<\/p><p>&#8220;Vi prioriterer anderledes nu. Vi g\u00e5r ikke ind i bittesm\u00e5 problemer,&#8221; siger Kristian.<\/p><p>&#8220;Det kunne v\u00e6re g\u00e5et s\u00e5 meget v\u00e6rre, s\u00e5 jeg synes, det er mirakul\u00f8st, at jeg har det s\u00e5 godt,&#8221; tilf\u00f8jer Carina.<\/p><p>&#8220;Kristian er jo min helt, og jeg f\u00f8ler ikke, jeg kan takke ham nok. Jeg t\u00f8r slet ikke t\u00e6nke p\u00e5, hvordan det har v\u00e6ret at st\u00e5 i hans situation i 22 minutter, og derfor synes jeg ogs\u00e5, han skal hyldes for at have reddet mit liv.&#8221;<\/p>\t\t\t\t\t\t\t\t<\/div>\n\t\t\t\t<\/div>\n\t\t\t\t<\/div>\n\t\t<div class=\"elementor-element elementor-element-a263e5f e-flex e-con-boxed e-con e-parent\" data-id=\"a263e5f\" data-element_type=\"container\">\n\t\t\t\t\t<div class=\"e-con-inner\">\n\t\t\t\t<div class=\"elementor-element elementor-element-887 elementor-widget elementor-widget-global elementor-global-887 elementor-widget-teaser-xlarge\" data-id=\"887\" data-element_type=\"widget\" data-widget_type=\"teaser-xlarge.default\">\n\t\t\t\t<div class=\"elementor-widget-container\">\n\t\t\t\t\t        <div class=\"hf-full-width-wrapper teaser-xl-wrapper\">\n            <div class=\"teaser-xl-base hf-small-width-container has-background-color row-reversed\">\n                <div class=\"hf-image-container\">\n                     \n                                    <img decoding=\"async\" src=\"https:\/\/hjerteforeningen.dk\/hjertegalla\/wp-content\/uploads\/sites\/3\/2025\/08\/iStock_hjertestop_984x656-768x512.jpg\" class=\"hf-image \" alt=\"iStock_hjertestop_984x656\" \/>\n                                        <\/div>\n                <div class=\"text-container\">\n                                        <div class=\"hf-header-xl\">Vil du l\u00e6re at tr\u00e6de til ved hjertestop?<\/div>\n                                            <div class=\"hf-divider\"><\/div>\n                                                                <div class=\"hf-text-l\">Vil du og dine kollegaer, venner eller familie l\u00e6re at redde liv?\n\nVi tilbyder Hjerteredderkursus - 30 minutters intro i genoplivning, hvis I kan samle en gruppe p\u00e5 min. 5 personer.\nKurset varer kun 30 min. og instrukt\u00f8ren kommer til jer.\n<\/div>\n                                                                <a id=\"\" \n                         \n                            href=\"https:\/\/hjerteredder.dk\/\" \n                                                target=\"_blank\" class=\"hf-btn\">\n                            L\u00e6s mere                        <\/a>\n                                    <\/div>\n            <\/div>\n        <\/div>\n    \t\t\t\t<\/div>\n\t\t\t\t<\/div>\n\t\t\t\t\t<\/div>\n\t\t\t\t<\/div>\n\t\t\t\t<\/div>\n\t\t","protected":false},"excerpt":{"rendered":"<p>Kristian holdt Carinas hjerte i gang i 22 minutter, inden hj\u00e6lpen kom Det var f\u00f8rst, da han s\u00e5 sin hustru flyve v\u00e6k i en redningshelikopter, at Kristian for alvor forstod, hvad der lige var sket \u2013 og at hun m\u00e5ske ikke ville blive sig selv igen. &#8220;Kristian er min helt, og jeg f\u00f8ler ikke, jeg [&hellip;]<\/p>\n","protected":false},"author":53,"featured_media":0,"parent":187,"menu_order":0,"comment_status":"closed","ping_status":"closed","template":"","meta":{"_acf_changed":false,"footnotes":""},"global-tag":[],"class_list":["post-648","page","type-page","status-publish","hentry"],"yoast_head":"<!-- This site is optimized with the Yoast SEO Premium plugin v23.5 (Yoast SEO v26.2) - https:\/\/yoast.com\/wordpress\/plugins\/seo\/ -->\n<title>Hjerteredderhistorie1 - Hjertegalla<\/title>\n<meta name=\"description\" content=\"Kristian holdt Carinas hjerte i gang i 22 minutter. Det var da han s\u00e5 hende flyve v\u00e6k i helikopteren, at Kristian forstod, hvad der var sket\" \/>\n<meta name=\"robots\" content=\"index, follow, max-snippet:-1, max-image-preview:large, max-video-preview:-1\" \/>\n<link rel=\"canonical\" href=\"https:\/\/hjerteforeningen.dk\/hjertegalla\/aarets-hjerteredder\/hjerteredderhistorie1\/\" \/>\n<meta property=\"og:locale\" content=\"da_DK\" \/>\n<meta property=\"og:type\" content=\"article\" \/>\n<meta property=\"og:title\" content=\"Hjerteredderhistorie1\" \/>\n<meta property=\"og:description\" content=\"Kristian holdt Carinas hjerte i gang i 22 minutter. Det var da han s\u00e5 hende flyve v\u00e6k i helikopteren, at Kristian forstod, hvad der var sket\" \/>\n<meta property=\"og:url\" content=\"https:\/\/hjerteforeningen.dk\/hjertegalla\/aarets-hjerteredder\/hjerteredderhistorie1\/\" \/>\n<meta property=\"og:site_name\" content=\"Hjertegalla\" \/>\n<meta property=\"article:modified_time\" content=\"2025-09-04T13:06:53+00:00\" \/>\n<meta property=\"og:image\" content=\"https:\/\/hjerteforeningen.dk\/hjertegalla\/wp-content\/uploads\/sites\/3\/2025\/04\/Kristian-og-Carina_ny-1.jpg\" \/>\n<meta name=\"twitter:card\" content=\"summary_large_image\" \/>\n<meta name=\"twitter:label1\" content=\"Estimeret l\u00e6setid\" \/>\n\t<meta name=\"twitter:data1\" content=\"8 minutter\" \/>\n<script type=\"application\/ld+json\" class=\"yoast-schema-graph\">{\"@context\":\"https:\/\/schema.org\",\"@graph\":[{\"@type\":\"WebPage\",\"@id\":\"https:\/\/hjerteforeningen.dk\/hjertegalla\/aarets-hjerteredder\/hjerteredderhistorie1\/\",\"url\":\"https:\/\/hjerteforeningen.dk\/hjertegalla\/aarets-hjerteredder\/hjerteredderhistorie1\/\",\"name\":\"Hjerteredderhistorie1 - Hjertegalla\",\"isPartOf\":{\"@id\":\"https:\/\/hjerteforeningen.dk\/hjertegalla\/#website\"},\"primaryImageOfPage\":{\"@id\":\"https:\/\/hjerteforeningen.dk\/hjertegalla\/aarets-hjerteredder\/hjerteredderhistorie1\/#primaryimage\"},\"image\":{\"@id\":\"https:\/\/hjerteforeningen.dk\/hjertegalla\/aarets-hjerteredder\/hjerteredderhistorie1\/#primaryimage\"},\"thumbnailUrl\":\"https:\/\/hjerteforeningen.dk\/hjertegalla\/wp-content\/uploads\/sites\/3\/2025\/04\/Kristian-og-Carina_ny-1.jpg\",\"datePublished\":\"2025-04-10T11:13:12+00:00\",\"dateModified\":\"2025-09-04T13:06:53+00:00\",\"description\":\"Kristian holdt Carinas hjerte i gang i 22 minutter. Det var da han s\u00e5 hende flyve v\u00e6k i helikopteren, at Kristian forstod, hvad der var sket\",\"breadcrumb\":{\"@id\":\"https:\/\/hjerteforeningen.dk\/hjertegalla\/aarets-hjerteredder\/hjerteredderhistorie1\/#breadcrumb\"},\"inLanguage\":\"da-DK\",\"potentialAction\":[{\"@type\":\"ReadAction\",\"target\":[\"https:\/\/hjerteforeningen.dk\/hjertegalla\/aarets-hjerteredder\/hjerteredderhistorie1\/\"]}]},{\"@type\":\"ImageObject\",\"inLanguage\":\"da-DK\",\"@id\":\"https:\/\/hjerteforeningen.dk\/hjertegalla\/aarets-hjerteredder\/hjerteredderhistorie1\/#primaryimage\",\"url\":\"https:\/\/hjerteforeningen.dk\/hjertegalla\/wp-content\/uploads\/sites\/3\/2025\/04\/Kristian-og-Carina_ny-1.jpg\",\"contentUrl\":\"https:\/\/hjerteforeningen.dk\/hjertegalla\/wp-content\/uploads\/sites\/3\/2025\/04\/Kristian-og-Carina_ny-1.jpg\",\"width\":472,\"height\":1024},{\"@type\":\"BreadcrumbList\",\"@id\":\"https:\/\/hjerteforeningen.dk\/hjertegalla\/aarets-hjerteredder\/hjerteredderhistorie1\/#breadcrumb\",\"itemListElement\":[{\"@type\":\"ListItem\",\"position\":1,\"name\":\"Home\",\"item\":\"https:\/\/hjerteforeningen.dk\/hjertegalla\/\"},{\"@type\":\"ListItem\",\"position\":2,\"name\":\"\u00c5rets hjerteredder\",\"item\":\"https:\/\/hjerteforeningen.dk\/hjertegalla\/aarets-hjerteredder\/\"},{\"@type\":\"ListItem\",\"position\":3,\"name\":\"Hjerteredderhistorie1\"}]},{\"@type\":\"WebSite\",\"@id\":\"https:\/\/hjerteforeningen.dk\/hjertegalla\/#website\",\"url\":\"https:\/\/hjerteforeningen.dk\/hjertegalla\/\",\"name\":\"Hjertegalla\",\"description\":\"\",\"publisher\":{\"@id\":\"https:\/\/hjerteforeningen.dk\/hjertegalla\/#organization\"},\"potentialAction\":[{\"@type\":\"SearchAction\",\"target\":{\"@type\":\"EntryPoint\",\"urlTemplate\":\"https:\/\/hjerteforeningen.dk\/hjertegalla\/?s={search_term_string}\"},\"query-input\":{\"@type\":\"PropertyValueSpecification\",\"valueRequired\":true,\"valueName\":\"search_term_string\"}}],\"inLanguage\":\"da-DK\"},{\"@type\":\"Organization\",\"@id\":\"https:\/\/hjerteforeningen.dk\/hjertegalla\/#organization\",\"name\":\"Hjertegalla\",\"url\":\"https:\/\/hjerteforeningen.dk\/hjertegalla\/\",\"logo\":{\"@type\":\"ImageObject\",\"inLanguage\":\"da-DK\",\"@id\":\"https:\/\/hjerteforeningen.dk\/hjertegalla\/#\/schema\/logo\/image\/\",\"url\":\"https:\/\/hjerteforeningen.dk\/hjertegalla\/wp-content\/uploads\/sites\/3\/2024\/08\/cropped-cropped-cropped-weblogo-HG.png\",\"contentUrl\":\"https:\/\/hjerteforeningen.dk\/hjertegalla\/wp-content\/uploads\/sites\/3\/2024\/08\/cropped-cropped-cropped-weblogo-HG.png\",\"width\":173,\"height\":49,\"caption\":\"Hjertegalla\"},\"image\":{\"@id\":\"https:\/\/hjerteforeningen.dk\/hjertegalla\/#\/schema\/logo\/image\/\"}}]}<\/script>\n<!-- \/ Yoast SEO Premium plugin. -->","yoast_head_json":{"title":"Hjerteredderhistorie1 - Hjertegalla","description":"Kristian holdt Carinas hjerte i gang i 22 minutter. Det var da han s\u00e5 hende flyve v\u00e6k i helikopteren, at Kristian forstod, hvad der var sket","robots":{"index":"index","follow":"follow","max-snippet":"max-snippet:-1","max-image-preview":"max-image-preview:large","max-video-preview":"max-video-preview:-1"},"canonical":"https:\/\/hjerteforeningen.dk\/hjertegalla\/aarets-hjerteredder\/hjerteredderhistorie1\/","og_locale":"da_DK","og_type":"article","og_title":"Hjerteredderhistorie1","og_description":"Kristian holdt Carinas hjerte i gang i 22 minutter. Det var da han s\u00e5 hende flyve v\u00e6k i helikopteren, at Kristian forstod, hvad der var sket","og_url":"https:\/\/hjerteforeningen.dk\/hjertegalla\/aarets-hjerteredder\/hjerteredderhistorie1\/","og_site_name":"Hjertegalla","article_modified_time":"2025-09-04T13:06:53+00:00","og_image":[{"url":"https:\/\/hjerteforeningen.dk\/hjertegalla\/wp-content\/uploads\/sites\/3\/2025\/04\/Kristian-og-Carina_ny-1.jpg","type":"","width":"","height":""}],"twitter_card":"summary_large_image","twitter_misc":{"Estimeret l\u00e6setid":"8 minutter"},"schema":{"@context":"https:\/\/schema.org","@graph":[{"@type":"WebPage","@id":"https:\/\/hjerteforeningen.dk\/hjertegalla\/aarets-hjerteredder\/hjerteredderhistorie1\/","url":"https:\/\/hjerteforeningen.dk\/hjertegalla\/aarets-hjerteredder\/hjerteredderhistorie1\/","name":"Hjerteredderhistorie1 - Hjertegalla","isPartOf":{"@id":"https:\/\/hjerteforeningen.dk\/hjertegalla\/#website"},"primaryImageOfPage":{"@id":"https:\/\/hjerteforeningen.dk\/hjertegalla\/aarets-hjerteredder\/hjerteredderhistorie1\/#primaryimage"},"image":{"@id":"https:\/\/hjerteforeningen.dk\/hjertegalla\/aarets-hjerteredder\/hjerteredderhistorie1\/#primaryimage"},"thumbnailUrl":"https:\/\/hjerteforeningen.dk\/hjertegalla\/wp-content\/uploads\/sites\/3\/2025\/04\/Kristian-og-Carina_ny-1.jpg","datePublished":"2025-04-10T11:13:12+00:00","dateModified":"2025-09-04T13:06:53+00:00","description":"Kristian holdt Carinas hjerte i gang i 22 minutter. Det var da han s\u00e5 hende flyve v\u00e6k i helikopteren, at Kristian forstod, hvad der var sket","breadcrumb":{"@id":"https:\/\/hjerteforeningen.dk\/hjertegalla\/aarets-hjerteredder\/hjerteredderhistorie1\/#breadcrumb"},"inLanguage":"da-DK","potentialAction":[{"@type":"ReadAction","target":["https:\/\/hjerteforeningen.dk\/hjertegalla\/aarets-hjerteredder\/hjerteredderhistorie1\/"]}]},{"@type":"ImageObject","inLanguage":"da-DK","@id":"https:\/\/hjerteforeningen.dk\/hjertegalla\/aarets-hjerteredder\/hjerteredderhistorie1\/#primaryimage","url":"https:\/\/hjerteforeningen.dk\/hjertegalla\/wp-content\/uploads\/sites\/3\/2025\/04\/Kristian-og-Carina_ny-1.jpg","contentUrl":"https:\/\/hjerteforeningen.dk\/hjertegalla\/wp-content\/uploads\/sites\/3\/2025\/04\/Kristian-og-Carina_ny-1.jpg","width":472,"height":1024},{"@type":"BreadcrumbList","@id":"https:\/\/hjerteforeningen.dk\/hjertegalla\/aarets-hjerteredder\/hjerteredderhistorie1\/#breadcrumb","itemListElement":[{"@type":"ListItem","position":1,"name":"Home","item":"https:\/\/hjerteforeningen.dk\/hjertegalla\/"},{"@type":"ListItem","position":2,"name":"\u00c5rets hjerteredder","item":"https:\/\/hjerteforeningen.dk\/hjertegalla\/aarets-hjerteredder\/"},{"@type":"ListItem","position":3,"name":"Hjerteredderhistorie1"}]},{"@type":"WebSite","@id":"https:\/\/hjerteforeningen.dk\/hjertegalla\/#website","url":"https:\/\/hjerteforeningen.dk\/hjertegalla\/","name":"Hjertegalla","description":"","publisher":{"@id":"https:\/\/hjerteforeningen.dk\/hjertegalla\/#organization"},"potentialAction":[{"@type":"SearchAction","target":{"@type":"EntryPoint","urlTemplate":"https:\/\/hjerteforeningen.dk\/hjertegalla\/?s={search_term_string}"},"query-input":{"@type":"PropertyValueSpecification","valueRequired":true,"valueName":"search_term_string"}}],"inLanguage":"da-DK"},{"@type":"Organization","@id":"https:\/\/hjerteforeningen.dk\/hjertegalla\/#organization","name":"Hjertegalla","url":"https:\/\/hjerteforeningen.dk\/hjertegalla\/","logo":{"@type":"ImageObject","inLanguage":"da-DK","@id":"https:\/\/hjerteforeningen.dk\/hjertegalla\/#\/schema\/logo\/image\/","url":"https:\/\/hjerteforeningen.dk\/hjertegalla\/wp-content\/uploads\/sites\/3\/2024\/08\/cropped-cropped-cropped-weblogo-HG.png","contentUrl":"https:\/\/hjerteforeningen.dk\/hjertegalla\/wp-content\/uploads\/sites\/3\/2024\/08\/cropped-cropped-cropped-weblogo-HG.png","width":173,"height":49,"caption":"Hjertegalla"},"image":{"@id":"https:\/\/hjerteforeningen.dk\/hjertegalla\/#\/schema\/logo\/image\/"}}]}},"acf":[],"_links":{"self":[{"href":"https:\/\/hjerteforeningen.dk\/hjertegalla\/wp-json\/wp\/v2\/pages\/648","targetHints":{"allow":["GET"]}}],"collection":[{"href":"https:\/\/hjerteforeningen.dk\/hjertegalla\/wp-json\/wp\/v2\/pages"}],"about":[{"href":"https:\/\/hjerteforeningen.dk\/hjertegalla\/wp-json\/wp\/v2\/types\/page"}],"author":[{"embeddable":true,"href":"https:\/\/hjerteforeningen.dk\/hjertegalla\/wp-json\/wp\/v2\/users\/53"}],"replies":[{"embeddable":true,"href":"https:\/\/hjerteforeningen.dk\/hjertegalla\/wp-json\/wp\/v2\/comments?post=648"}],"version-history":[{"count":0,"href":"https:\/\/hjerteforeningen.dk\/hjertegalla\/wp-json\/wp\/v2\/pages\/648\/revisions"}],"up":[{"embeddable":true,"href":"https:\/\/hjerteforeningen.dk\/hjertegalla\/wp-json\/wp\/v2\/pages\/187"}],"wp:attachment":[{"href":"https:\/\/hjerteforeningen.dk\/hjertegalla\/wp-json\/wp\/v2\/media?parent=648"}],"wp:term":[{"taxonomy":"global-tag","embeddable":true,"href":"https:\/\/hjerteforeningen.dk\/hjertegalla\/wp-json\/wp\/v2\/global-tag?post=648"}],"curies":[{"name":"wp","href":"https:\/\/api.w.org\/{rel}","templated":true}]}}